{"id":2049,"date":"2015-07-11T15:27:36","date_gmt":"2015-07-11T13:27:36","guid":{"rendered":"http:\/\/meinklang.at\/en\/?page_id=2049"},"modified":"2018-05-21T19:26:56","modified_gmt":"2018-05-21T17:26:56","slug":"impressum","status":"publish","type":"page","link":"https:\/\/meinklang.at\/en\/contact\/impressum\/","title":{"rendered":"Imprint &#038; Privacy"},"content":{"rendered":"<div class=\"wpb-content-wrapper\"><p>[vc_row css=&#8221;.vc_custom_1452867551302{padding-top: 50px !important;}&#8221;][vc_column width=&#8221;1\/2&#8243; css=&#8221;.vc_custom_1453373337963{padding-right: 10% !important;padding-bottom: 50px !important;padding-left: 5% !important;}&#8221;][vc_column_text]<\/p>\n<h2 style=\"text-align: left;\">Impressum<\/h2>\n<p class=\"p2\"><strong><span class=\"s1\">Inhaltlich Verantwortlicher:<br \/>\n<\/span><\/strong><span class=\"s1\">Werner Michlits\u00a0<\/span><\/p>\n<p class=\"p2\"><strong><span class=\"s1\">Anschrift:<br \/>\n<\/span><\/strong><span class=\"s1\">Michlits Werner GmbH<br \/>\n<\/span><span class=\"s1\">Hauptstra\u00dfe 86<br \/>\n<\/span><span class=\"s1\">A-7152 Pamhagen <\/span><\/p>\n<p class=\"p2\"><span class=\"s1\">T <a href=\"+43 2174 2168-11\">+43 2174 2168-11<br \/>\n<\/a><\/span>E <a href=\"mailto:office@meinklang.at\">office@meinklang.at<\/a><\/p>\n<p class=\"p2\"><strong><span class=\"s1\">Besonderer Haftungshinweis:<br \/>\n<\/span><\/strong><span class=\"s1\">Trotz sorgf\u00e4ltiger inhaltlicher Kontrolle \u00fcbernehme<\/span><span class=\"s1\">n wir keine Haftung f\u00fcr die\u00a0<\/span><span style=\"line-height: 1.5;\">Inhalte externer Links.<br \/>\nF\u00fcr den Inhalt der verlinkt<\/span><span class=\"s1\">en Seiten sind ausschlie\u00dflich\u00a0<\/span><span style=\"line-height: 1.5;\">deren Betreiber verantwortlich.<\/span><\/p>\n<p class=\"p2\"><strong><span class=\"s1\">Firmendaten:<br \/>\n<\/span><\/strong><span class=\"s1\">UST.-ID-Nummer ATU 21105809<br \/>\n<\/span><span class=\"s1\">Firmenbuchnummer: FN 123080 a, Gerichtsstandort Neu<\/span><span class=\"s1\">siedl am See<br \/>\n<\/span><span class=\"s1\">EORI Nummer: ATEOS1000004094 <\/span><\/p>\n<p class=\"p2\"><strong><span class=\"s1\">Unsere Bankverbindung:<br \/>\n<\/span><\/strong><span class=\"s1\">Michlits Werner GmbH<br \/>\n<\/span><span class=\"s1\">Raiffeisenlandesbank Burgenland<br \/>\n<\/span><span class=\"s1\">IBAN: AT 333 300 000 002 039 055<br \/>\n<\/span><span class=\"s1\">BIC: RLBBAT2E <\/span><\/p>\n<p>[\/vc_column_text][\/vc_column][vc_column width=&#8221;1\/2&#8243; css=&#8221;.vc_custom_1453373369628{padding-right: 10% !important;padding-bottom: 50px !important;padding-left: 5% !important;}&#8221;][vc_column_text]<\/p>\n<h2>Datenschutz<\/h2>\n<p>Wir haben diese Datenschutzerkl\u00e4rung verfasst, um Ihnen gem\u00e4\u00df der Vorgaben der EU-Datenschutz-Grundverordnung zu erkl\u00e4ren, welche Informationen wir sammeln, wie wir Daten verwenden und welche Entscheidungsm\u00f6glichkeiten Sie als Besucher dieser Webseite haben.<\/p>\n<p>Leider liegt es in der Natur der Sache, dass diese Erkl\u00e4rungen sehr technisch klingen, wir haben uns bei der Erstellung jedoch bem\u00fcht die wichtigsten Dinge so einfach und klar zu beschreiben.<\/p>\n<h2>Automatische Datenspeicherung<\/h2>\n<p>Wenn Sie heutzutage Webseiten besuchen, werden gewisse Informationen automatisch erstellt und gespeichert, so auch auf dieser Webseite.<\/p>\n<p>Wenn Sie unsere Webseite so wie jetzt gerade besuchen, speichert unser Webserver (Computer auf dem diese Webseite gespeichert ist) automatisch Daten wie die IP-Adresse Ihres Ger\u00e4tes, die Adressen der besuchten Unterseiten, Details zu Ihrem Browser (z.B. Chrome, Firefox, Edge,\u2026) und Datum sowie Uhrzeit. Wir nutzen diese Daten nicht und geben Sie in der Regel nicht weiter, k\u00f6nnen jedoch nicht ausschlie\u00dfen, dass diese Daten beim Vorliegen von rechtswidrigem Verhalten eingesehen werden.<\/p>\n<h2>Speicherung pers\u00f6nlicher Daten<\/h2>\n<p>Pers\u00f6nliche Daten, die Sie uns auf dieser Website elektronisch \u00fcbermitteln, wie zum Beispiel Name, E-Mail-Adresse, Adresse oder andere pers\u00f6nlichen Angaben im Rahmen der \u00dcbermittlung eines Formulars oder Kommentaren im Blog, werden von uns gemeinsam mit dem Zeitpunkt und der IP-Adresse nur zum jeweils angegebenen Zweck verwendet, sicher verwahrt und nicht an Dritte weitergegeben.<\/p>\n<p>Wir nutzen Ihre pers\u00f6nlichen Daten somit nur f\u00fcr die Kommunikation mit jenen Besuchern, die Kontakt ausdr\u00fccklich w\u00fcnschen und f\u00fcr die Abwicklung der auf dieser Webseite angebotenen Dienstleistungen und Produkte. Wir geben Ihre pers\u00f6nlichen Daten ohne Zustimmung nicht weiter, k\u00f6nnen jedoch nicht ausschlie\u00dfen, dass diese Daten beim Vorliegen von rechtswidrigem Verhalten eingesehen werden.<\/p>\n<p>Wenn Sie uns pers\u00f6nliche Daten per E-Mail schicken \u2013 somit abseits dieser Webseite \u2013 k\u00f6nnen wir keine sichere \u00dcbertragung und den Schutz Ihrer Daten garantieren. Wir empfehlen Ihnen, vertrauliche Daten niemals unverschl\u00fcsselt per E-Mail zu \u00fcbermitteln.<\/p>\n<h2>Ihre Rechte<\/h2>\n<p>Ihnen stehen grunds\u00e4tzlich die Rechte auf Auskunft, Berichtigung, L\u00f6schung, Einschr\u00e4nkung, Daten\u00fcbertragbarkeit, Widerruf und Widerspruch zu. Wenn Sie glauben, dass die Verarbeitung Ihrer Daten gegen das Datenschutzrecht verst\u00f6\u00dft oder Ihre datenschutzrechtlichen Anspr\u00fcche sonst in einer Weise verletzt worden sind, k\u00f6nnen Sie sich bei der Aufsichtsbeh\u00f6rde beschweren. In \u00d6sterreich ist dies die Datenschutzbeh\u00f6rde, deren Webseiten Sie unter\u00a0<a class=\"external\" href=\"https:\/\/www.dsb.gv.at\/\" rel=\"nofollow\">https:\/\/www.dsb.gv.at\/<\/a>\u00a0finden.<\/p>\n<h2>TLS-Verschl\u00fcsselung mit https<\/h2>\n<p>Wir verwenden https um Daten abh\u00f6rsicher im Internet zu \u00fcbertragen. Durch den Einsatz von TLS (Transport Layer Security), einem Verschl\u00fcsselungsprotokoll zur sicheren Daten\u00fcbertragung im Internet k\u00f6nnen wir den Schutz vertraulicher Daten sicherstellen. Sie erkennen die Benutzung dieser Absicherung der Daten\u00fcbertragung am kleinen Schlo\u00dfsymbol links oben im Browser und der Verwendung des Schemas https als Teil unserer Internetadresse.<\/p>\n<h2>Newsletter<\/h2>\n<p>Wenn Sie sich f\u00fcr unseren Newsletter eintragen \u00fcbermitteln Sie die oben genannten pers\u00f6nlichen Daten und geben uns das Recht Sie per E-Mail zu kontaktieren. Die im Rahmen der Anmeldung zum Newsletter gespeicherten Daten nutzen wir ausschlie\u00dflich f\u00fcr unseren Newsletter und geben diese nicht weiter.<\/p>\n<p>Sollten Sie sich vom Newsletter abmelden \u2013 Sie finden den Link daf\u00fcr in jedem Newsletter ganz unten \u2013 dann l\u00f6schen wir alle Daten die mit der Anmeldung zum Newsletter gespeichert wurden.<\/p>\n<h2>Google Maps Datenschutzerkl\u00e4rung<\/h2>\n<p>Wir verwenden Google Maps der Firma Google Inc. (1600 Amphitheatre Parkway Mountain View, CA 94043, USA) auf unserer Webseite.<\/p>\n<p>Durch die Nutzung der Funktionen dieser Karte werden Daten an Google \u00fcbertragen. Welche Daten von Google erfasst werden und wof\u00fcr diese Daten verwendet werden, k\u00f6nnen Sie auf\u00a0<a class=\"external\" href=\"https:\/\/www.google.com\/intl\/de\/policies\/privacy\/\" rel=\"nofollow\">https:\/\/www.google.com\/intl\/de\/policies\/privacy\/<\/a>\u00a0nachlesen.<\/p>\n<h2>Google Analytics Datenschutzerkl\u00e4rung<\/h2>\n<p>Wir verwenden auf dieser Webseite Google Analytics der Firma Google Inc. (1600 Amphitheatre Parkway Mountain View, CA 94043, USA) um Besucherdaten statistisch auszuwerten. Dabei verwendet Google Analytics zielorientierte Cookies.<\/p>\n<p>N\u00e4here Informationen zu Nutzungsbedingungen und Datenschutz finden Sie unter\u00a0<a class=\"external\" href=\"http:\/\/www.google.com\/analytics\/terms\/de.html\" rel=\"nofollow\">http:\/\/www.google.com\/analytics\/terms\/de.html<\/a>\u00a0bzw. unter\u00a0<a class=\"external\" href=\"https:\/\/support.google.com\/analytics\/answer\/6004245?hl=de\" rel=\"nofollow\">https:\/\/support.google.com\/analytics\/answer\/6004245?hl=de<\/a>.<\/p>\n<h3>Pseudonymisierung<\/h3>\n<p>Unser Anliegen im Sinne der DSGVO ist die Verbesserung unseres Angebotes und unseres Webauftritts. Da uns die Privatsph\u00e4re unserer Nutzer wichtig ist, werden die Nutzerdaten pseudonymisiert.\u00a0Die Datenverarbeitung erfolgt auf Basis der gesetzlichen Bestimmungen des \u00a7 96 Abs 3 TKG sowie des Art 6 EU-DSGVO Abs 1 lit a (Einwilligung) und\/oder f (berechtigtes Interesse) der DSGVO.<\/p>\n<h3>Deaktivierung der Datenerfassung durch Google Analytics<\/h3>\n<p>Mithilfe des\u00a0Browser-Add-ons zur Deaktivierung\u00a0von Google Analytics-JavaScript (ga.js, analytics.js, dc.js) k\u00f6nnen Website-Besucher verhindern, dass Google Analytics ihre Daten verwendet.<\/p>\n<p>Sie k\u00f6nnen die Erfassung der durch das Cookie erzeugten und auf Ihre Nutzung der Website bezogenen Daten an Google sowie die Verarbeitung dieser Daten durch Google verhindern, indem Sie das unter dem folgenden Link verf\u00fcgbare Browser-Plugin herunterladen und installieren:\u00a0<a class=\"external\" href=\"https:\/\/tools.google.com\/dlpage\/gaoptout?hl=de\" rel=\"nofollow\">https:\/\/tools.google.com\/dlpage\/gaoptout?hl=de<\/a>.<\/p>\n<h3>Google Analytics Zusatz zur Datenverarbeitung<\/h3>\n<p>Wir haben mit Google einen Direktkundenvertrag zur Verwendung von Google Analytics abgeschlossen, indem wir den \u201cZusatz zur Datenverarbeitung\u201d in Google Analytics akzeptiert haben.<\/p>\n<p>Mehr \u00fcber den Zusatz zur Datenverarbeitung f\u00fcr Google Analytics finden Sie hier:\u00a0<a class=\"external\" href=\"https:\/\/support.google.com\/analytics\/answer\/3379636?hl=de&amp;utm_id=ad\" target=\"_blank\" rel=\"noopener nofollow\">https:\/\/support.google.com\/analytics\/answer\/3379636?hl=de&amp;utm_id=ad<\/a><\/p>\n<h3>Google Analytics IP-Anonymisierung<\/h3>\n<p>Wir haben auf dieser Webseite die IP-Adressen-Anonymisierung von Google Analytics implementiert.\u00a0Diese Funktion wurde von Google entwickelt, damit diese Webseite die geltenden Datenschutzbestimmungen und Empfehlungen der lokalen Datenschutzbeh\u00f6rden einhalten kann, wenn diese eine Speicherung der vollst\u00e4ndigen IP-Adresse untersagen. Die Anonymisierung bzw. Maskierung der IP findet statt, sobald die IP-Adressen im Google Analytics-Datenerfassungsnetzwerk eintreffen und bevor eine Speicherung oder Verarbeitung der Daten stattfindet.<\/p>\n<p>Mehr Informationen zur IP-Anonymisierung finden Sie auf\u00a0<a class=\"external\" href=\"https:\/\/support.google.com\/analytics\/answer\/2763052?hl=de\" target=\"_blank\" rel=\"noopener nofollow\">https:\/\/support.google.com\/analytics\/answer\/2763052?hl=de<\/a>.<\/p>\n<h3>Google Analytics Berichte zu demografischen Merkmalen und Interessen<\/h3>\n<p>Wir haben in Google Analytics die Funktionen f\u00fcr Werbeberichte eingeschaltet. Die Berichte zu demografischen Merkmalen und Interessen enthalten Angaben zu Alter, Geschlecht und Interessen. Damit k\u00f6nnen wir uns \u2013 ohne diese Daten einzelnen Personen zuordnen zu k\u00f6nnen \u2013 ein besseres Bild von unseren Nutzern machen. Mehr \u00fcber die Werbefunktionen erfahren Sie\u00a0<a class=\"external\" href=\"https:\/\/support.google.com\/analytics\/answer\/3450482?hl=de_AT&amp;utm_id=ad\" target=\"_blank\" rel=\"noopener nofollow\">auf\u00a0https:\/\/support.google.com\/analytics\/answer\/3450482?hl=de_AT&amp;utm_id=ad<\/a>.<\/p>\n<p>Sie k\u00f6nnen die Nutzung der Aktivit\u00e4ten und Informationen Ihres Google Kontos unter \u201cEinstellungen f\u00fcr Werbung\u201d auf\u00a0<a class=\"external\" href=\"https:\/\/adssettings.google.com\/authenticated\" rel=\"nofollow\">https:\/\/adssettings.google.com\/authenticated<\/a>\u00a0per Checkbox beenden.<\/p>\n<h2>Google Fonts Datenschutzerkl\u00e4rung<\/h2>\n<p>Wir verwenden Google Fonts der Firma Google Inc. (1600 Amphitheatre Parkway Mountain View, CA 94043, USA) auf unserer Webseite. Die Verwendung von Google Fonts erfolgt ohne Authentisierung und es werden keine Cookies and die Google Fonts API gesendet. Sollten Sie ein Konto bei Google haben, werden keine Ihrer Google-Kontodaten an Google w\u00e4hrend der Nutzung von Google Fonts \u00fcbermittelt. Google erfasst lediglich die Nutzung von CSS und der verwendeten Fonts und speichert diese Daten sicher. Mehr zu diesen und weiteren Fragen finden Sie auf\u00a0<a class=\"external\" href=\"https:\/\/developers.google.com\/fonts\/faq\" rel=\"nofollow\">https:\/\/developers.google.com\/fonts\/faq<\/a>.<\/p>\n<p>Welche Daten von Google erfasst werden und wof\u00fcr diese Daten verwendet werden, k\u00f6nnen Sie auf\u00a0<a class=\"external\" href=\"https:\/\/www.google.com\/intl\/de\/policies\/privacy\/\" rel=\"nofollow\">https:\/\/www.google.com\/intl\/de\/policies\/privacy\/<\/a>\u00a0nachlesen.<\/p>\n<h2>Facebook Datenschutzerkl\u00e4rung<\/h2>\n<p>Wir verwenden auf dieser Webseite Funktionen von Facebook, einem Social Media Network der FIrma Facebook Ireland Ltd., 4 Grand Canal Square, Grand Canal Harbour, Dublin 2 Ireland.<br \/>\nWelche Funktionen (Soziale Plug-ins) Facebook bereitstellt, k\u00f6nnen Sie auf\u00a0<a class=\"external\" href=\"https:\/\/developers.facebook.com\/docs\/plugins\/\" rel=\"nofollow\">https:\/\/developers.facebook.com\/docs\/plugins\/<\/a>\u00a0nachlesen.<br \/>\nDurch den Besuch unserer Webseite k\u00f6nnen Informationen an Facebook \u00fcbermittelt werden. Wenn Sie \u00fcber ein Facebook-Konto verf\u00fcgen, kann Facebook diese Daten Ihrem pers\u00f6nlichen Konto zuordnen. Sollten Sie das nicht w\u00fcnschen, melden Sie sich bitte von Facebook ab.<br \/>\nDie Datenschutzrichtlinien, welche Informationen Facebook sammelt und wie sie diese verwenden finden Sie auf\u00a0<a class=\"external\" href=\"https:\/\/www.facebook.com\/policy.php\" rel=\"nofollow\">https:\/\/www.facebook.com\/policy.php<\/a>.<\/p>\n<h2>Facebook-Pixel Datenschutzerkl\u00e4rung<\/h2>\n<p>Wir verwenden auf dieser Webseite das Facebook Pixel\u00a0von Facebook, einem Social Media Network der Firma Facebook Ireland Ltd., 4 Grand Canal Square, Grand Canal Harbour, Dublin 2 Ireland.<\/p>\n<p>Der auf dieser Seite implementierte Code kann das Verhalten der Besucher auswerten, welche von einer Facebook-Werbung auf diese Webseite gelangt sind. Dies kann zur Verbesserung von Facebook-Werbeanzeigen genutzt werden und diese Daten werden von Facebook erfasst und gespeichert. Die erfassten Daten sind f\u00fcr uns nicht einsehbar sondern nur im Rahmen von Werbeanzeigenschaltungen nutzbar. Durch den Einsatz des Facebook-Pixel-Codes werden auch Cookies gesetzt.<\/p>\n<p>Durch die Nutzung des Facebook-Pixels wird der Besuch dieser Webseite Facebook mitgeteilt, damit Besucher auf Facebook passende Anzeigen zu sehen bekommen. Wenn Sie ein Facebook-Konto besitzen und angemeldet sind, wird der Besuch dieser Webseite Ihrem Facebook-Benutzerkonto zugeordnet.<\/p>\n<p>Wie das Facebook-Pixel f\u00fcr Werbekampagnen genutzt wird, erfahren Sie auf\u00a0<a class=\"external\" href=\"https:\/\/www.facebook.com\/business\/learn\/facebook-ads-pixel\" target=\"_blank\" rel=\"noopener nofollow\">https:\/\/www.facebook.com\/business\/learn\/facebook-ads-pixel<\/a>.<\/p>\n<p>Sie k\u00f6nnen Ihre Einstellungen f\u00fcr Werbeanzeigen in Facebook auf\u00a0<a class=\"external\" href=\"https:\/\/www.facebook.com\/ads\/preferences\/?entry_product=ad_settings_screen\" target=\"_blank\" rel=\"noopener nofollow\">https:\/\/www.facebook.com\/ads\/preferences\/?entry_product=ad_settings_screen<\/a>\u00a0ver\u00e4ndern, sofern Sie in Facebook angemeldet sind. Auf\u00a0http:\/\/www.youronlinechoices.com\/de\/praferenzmanagement\/ k\u00f6nnen Sie\u00a0Ihre Pr\u00e4ferenzen hinsichtlich nutzungsbasierter Online-Werbung verwalten.\u00a0Sie k\u00f6nnen dort viele Anbieter auf einmal deaktivieren oder aktivieren oder die Einstellungen f\u00fcr einzelne Anbieter vornehmen.<\/p>\n<p>Mehr Informationen zur Datenrichtlinie von Facebook finden Sie auf\u00a0<a class=\"external\" href=\"https:\/\/www.facebook.com\/policy.php\" target=\"_blank\" rel=\"noopener nofollow\">https:\/\/www.facebook.com\/policy.php<\/a>.<\/p>\n<p>Quelle: Erstellt\u00a0mit dem\u00a0<a title=\"Datenschutz Generator von firmenwebseiten.at\" href=\"https:\/\/www.firmenwebseiten.at\/datenschutz-generator\/\" target=\"_blank\" rel=\"follow noopener\">Datenschutz Generator von firmenwebseiten.at<\/a>[\/vc_column_text][\/vc_column][\/vc_row]<\/p>\n<\/div>","protected":false},"excerpt":{"rendered":"<p>[vc_row css=&#8221;.vc_custom_1452867551302{padding-top: 50px !important;}&#8221;][vc_column width=&#8221;1\/2&#8243; css=&#8221;.vc_custom_1453373337963{padding-right: 10% !important;padding-bottom: 50px !important;padding-left: 5% !important;}&#8221;][vc_column_text] Impressum Inhaltlich Verantwortlicher: Werner Michlits\u00a0 Anschrift: Michlits Werner GmbH Hauptstra\u00dfe 86 A-7152 Pamhagen T +43 2174 2168-11 E office@meinklang.at Besonderer Haftungshinweis: Trotz sorgf\u00e4ltiger inhaltlicher Kontrolle \u00fcbernehmen wir keine Haftung f\u00fcr die\u00a0Inhalte externer Links. F\u00fcr den Inhalt der verlinkten Seiten sind ausschlie\u00dflich\u00a0deren Betreiber verantwortlich. [&hellip;]<\/p>\n","protected":false},"author":4,"featured_media":0,"parent":2047,"menu_order":5,"comment_status":"closed","ping_status":"open","template":"","meta":{"footnotes":""},"class_list":["post-2049","page","type-page","status-publish","hentry"],"yoast_head":"<!-- This site is optimized with the Yoast SEO plugin v27.3 - https:\/\/yoast.com\/product\/yoast-seo-wordpress\/ -->\n<title>Imprint &amp; Privacy - Meinklang<\/title>\n<meta name=\"robots\" content=\"index, follow, max-snippet:-1, max-image-preview:large, max-video-preview:-1\" \/>\n<link rel=\"canonical\" href=\"https:\/\/meinklang.at\/en\/contact\/impressum\/\" \/>\n<meta property=\"og:locale\" content=\"en_US\" \/>\n<meta property=\"og:type\" content=\"article\" \/>\n<meta property=\"og:title\" content=\"Imprint &amp; Privacy - Meinklang\" \/>\n<meta property=\"og:description\" content=\"[vc_row css=&#8221;.vc_custom_1452867551302{padding-top: 50px !important;}&#8221;][vc_column width=&#8221;1\/2&#8243; css=&#8221;.vc_custom_1453373337963{padding-right: 10% !important;padding-bottom: 50px !important;padding-left: 5% !important;}&#8221;][vc_column_text] Impressum Inhaltlich Verantwortlicher: Werner Michlits\u00a0 Anschrift: Michlits Werner GmbH Hauptstra\u00dfe 86 A-7152 Pamhagen T +43 2174 2168-11 E office@meinklang.at Besonderer Haftungshinweis: Trotz sorgf\u00e4ltiger inhaltlicher Kontrolle \u00fcbernehmen wir keine Haftung f\u00fcr die\u00a0Inhalte externer Links. F\u00fcr den Inhalt der verlinkten Seiten sind ausschlie\u00dflich\u00a0deren Betreiber verantwortlich. [&hellip;]\" \/>\n<meta property=\"og:url\" content=\"https:\/\/meinklang.at\/en\/contact\/impressum\/\" \/>\n<meta property=\"og:site_name\" content=\"Meinklang\" \/>\n<meta property=\"article:modified_time\" content=\"2018-05-21T17:26:56+00:00\" \/>\n<meta name=\"twitter:card\" content=\"summary_large_image\" \/>\n<meta name=\"twitter:label1\" content=\"Est. reading time\" \/>\n\t<meta name=\"twitter:data1\" content=\"8 minutes\" \/>\n<script type=\"application\/ld+json\" class=\"yoast-schema-graph\">{\"@context\":\"https:\\\/\\\/schema.org\",\"@graph\":[{\"@type\":\"WebPage\",\"@id\":\"https:\\\/\\\/meinklang.at\\\/en\\\/contact\\\/impressum\\\/\",\"url\":\"https:\\\/\\\/meinklang.at\\\/en\\\/contact\\\/impressum\\\/\",\"name\":\"Imprint & Privacy - Meinklang\",\"isPartOf\":{\"@id\":\"https:\\\/\\\/meinklang.at\\\/en\\\/#website\"},\"datePublished\":\"2015-07-11T13:27:36+00:00\",\"dateModified\":\"2018-05-21T17:26:56+00:00\",\"breadcrumb\":{\"@id\":\"https:\\\/\\\/meinklang.at\\\/en\\\/contact\\\/impressum\\\/#breadcrumb\"},\"inLanguage\":\"en-US\",\"potentialAction\":[{\"@type\":\"ReadAction\",\"target\":[\"https:\\\/\\\/meinklang.at\\\/en\\\/contact\\\/impressum\\\/\"]}]},{\"@type\":\"BreadcrumbList\",\"@id\":\"https:\\\/\\\/meinklang.at\\\/en\\\/contact\\\/impressum\\\/#breadcrumb\",\"itemListElement\":[{\"@type\":\"ListItem\",\"position\":1,\"name\":\"Home\",\"item\":\"https:\\\/\\\/meinklang.at\\\/en\\\/\"},{\"@type\":\"ListItem\",\"position\":2,\"name\":\"Contact\",\"item\":\"https:\\\/\\\/meinklang.at\\\/en\\\/contact\\\/\"},{\"@type\":\"ListItem\",\"position\":3,\"name\":\"Imprint &#038; Privacy\"}]},{\"@type\":\"WebSite\",\"@id\":\"https:\\\/\\\/meinklang.at\\\/en\\\/#website\",\"url\":\"https:\\\/\\\/meinklang.at\\\/en\\\/\",\"name\":\"Meinklang\",\"description\":\"Demeter farm\",\"publisher\":{\"@id\":\"https:\\\/\\\/meinklang.at\\\/en\\\/#organization\"},\"potentialAction\":[{\"@type\":\"SearchAction\",\"target\":{\"@type\":\"EntryPoint\",\"urlTemplate\":\"https:\\\/\\\/meinklang.at\\\/en\\\/?s={search_term_string}\"},\"query-input\":{\"@type\":\"PropertyValueSpecification\",\"valueRequired\":true,\"valueName\":\"search_term_string\"}}],\"inLanguage\":\"en-US\"},{\"@type\":\"Organization\",\"@id\":\"https:\\\/\\\/meinklang.at\\\/en\\\/#organization\",\"name\":\"Michlits Werner GmbH\",\"url\":\"https:\\\/\\\/meinklang.at\\\/en\\\/\",\"logo\":{\"@type\":\"ImageObject\",\"inLanguage\":\"en-US\",\"@id\":\"https:\\\/\\\/meinklang.at\\\/en\\\/#\\\/schema\\\/logo\\\/image\\\/\",\"url\":\"https:\\\/\\\/meinklang.at\\\/wp-content\\\/uploads\\\/2016\\\/01\\\/Meinklang_Logo.png\",\"contentUrl\":\"https:\\\/\\\/meinklang.at\\\/wp-content\\\/uploads\\\/2016\\\/01\\\/Meinklang_Logo.png\",\"width\":171,\"height\":80,\"caption\":\"Michlits Werner GmbH\"},\"image\":{\"@id\":\"https:\\\/\\\/meinklang.at\\\/en\\\/#\\\/schema\\\/logo\\\/image\\\/\"}}]}<\/script>\n<!-- \/ Yoast SEO plugin. -->","yoast_head_json":{"title":"Imprint & Privacy - Meinklang","robots":{"index":"index","follow":"follow","max-snippet":"max-snippet:-1","max-image-preview":"max-image-preview:large","max-video-preview":"max-video-preview:-1"},"canonical":"https:\/\/meinklang.at\/en\/contact\/impressum\/","og_locale":"en_US","og_type":"article","og_title":"Imprint & Privacy - Meinklang","og_description":"[vc_row css=&#8221;.vc_custom_1452867551302{padding-top: 50px !important;}&#8221;][vc_column width=&#8221;1\/2&#8243; css=&#8221;.vc_custom_1453373337963{padding-right: 10% !important;padding-bottom: 50px !important;padding-left: 5% !important;}&#8221;][vc_column_text] Impressum Inhaltlich Verantwortlicher: Werner Michlits\u00a0 Anschrift: Michlits Werner GmbH Hauptstra\u00dfe 86 A-7152 Pamhagen T +43 2174 2168-11 E office@meinklang.at Besonderer Haftungshinweis: Trotz sorgf\u00e4ltiger inhaltlicher Kontrolle \u00fcbernehmen wir keine Haftung f\u00fcr die\u00a0Inhalte externer Links. F\u00fcr den Inhalt der verlinkten Seiten sind ausschlie\u00dflich\u00a0deren Betreiber verantwortlich. [&hellip;]","og_url":"https:\/\/meinklang.at\/en\/contact\/impressum\/","og_site_name":"Meinklang","article_modified_time":"2018-05-21T17:26:56+00:00","twitter_card":"summary_large_image","twitter_misc":{"Est. reading time":"8 minutes"},"schema":{"@context":"https:\/\/schema.org","@graph":[{"@type":"WebPage","@id":"https:\/\/meinklang.at\/en\/contact\/impressum\/","url":"https:\/\/meinklang.at\/en\/contact\/impressum\/","name":"Imprint & Privacy - Meinklang","isPartOf":{"@id":"https:\/\/meinklang.at\/en\/#website"},"datePublished":"2015-07-11T13:27:36+00:00","dateModified":"2018-05-21T17:26:56+00:00","breadcrumb":{"@id":"https:\/\/meinklang.at\/en\/contact\/impressum\/#breadcrumb"},"inLanguage":"en-US","potentialAction":[{"@type":"ReadAction","target":["https:\/\/meinklang.at\/en\/contact\/impressum\/"]}]},{"@type":"BreadcrumbList","@id":"https:\/\/meinklang.at\/en\/contact\/impressum\/#breadcrumb","itemListElement":[{"@type":"ListItem","position":1,"name":"Home","item":"https:\/\/meinklang.at\/en\/"},{"@type":"ListItem","position":2,"name":"Contact","item":"https:\/\/meinklang.at\/en\/contact\/"},{"@type":"ListItem","position":3,"name":"Imprint &#038; Privacy"}]},{"@type":"WebSite","@id":"https:\/\/meinklang.at\/en\/#website","url":"https:\/\/meinklang.at\/en\/","name":"Meinklang","description":"Demeter farm","publisher":{"@id":"https:\/\/meinklang.at\/en\/#organization"},"potentialAction":[{"@type":"SearchAction","target":{"@type":"EntryPoint","urlTemplate":"https:\/\/meinklang.at\/en\/?s={search_term_string}"},"query-input":{"@type":"PropertyValueSpecification","valueRequired":true,"valueName":"search_term_string"}}],"inLanguage":"en-US"},{"@type":"Organization","@id":"https:\/\/meinklang.at\/en\/#organization","name":"Michlits Werner GmbH","url":"https:\/\/meinklang.at\/en\/","logo":{"@type":"ImageObject","inLanguage":"en-US","@id":"https:\/\/meinklang.at\/en\/#\/schema\/logo\/image\/","url":"https:\/\/meinklang.at\/wp-content\/uploads\/2016\/01\/Meinklang_Logo.png","contentUrl":"https:\/\/meinklang.at\/wp-content\/uploads\/2016\/01\/Meinklang_Logo.png","width":171,"height":80,"caption":"Michlits Werner GmbH"},"image":{"@id":"https:\/\/meinklang.at\/en\/#\/schema\/logo\/image\/"}}]}},"_links":{"self":[{"href":"https:\/\/meinklang.at\/en\/wp-json\/wp\/v2\/pages\/2049","targetHints":{"allow":["GET"]}}],"collection":[{"href":"https:\/\/meinklang.at\/en\/wp-json\/wp\/v2\/pages"}],"about":[{"href":"https:\/\/meinklang.at\/en\/wp-json\/wp\/v2\/types\/page"}],"author":[{"embeddable":true,"href":"https:\/\/meinklang.at\/en\/wp-json\/wp\/v2\/users\/4"}],"replies":[{"embeddable":true,"href":"https:\/\/meinklang.at\/en\/wp-json\/wp\/v2\/comments?post=2049"}],"version-history":[{"count":3,"href":"https:\/\/meinklang.at\/en\/wp-json\/wp\/v2\/pages\/2049\/revisions"}],"predecessor-version":[{"id":2726,"href":"https:\/\/meinklang.at\/en\/wp-json\/wp\/v2\/pages\/2049\/revisions\/2726"}],"up":[{"embeddable":true,"href":"https:\/\/meinklang.at\/en\/wp-json\/wp\/v2\/pages\/2047"}],"wp:attachment":[{"href":"https:\/\/meinklang.at\/en\/wp-json\/wp\/v2\/media?parent=2049"}],"curies":[{"name":"wp","href":"https:\/\/api.w.org\/{rel}","templated":true}]}}